{"id":5966,"date":"2022-02-16T12:21:30","date_gmt":"2022-02-16T09:21:30","guid":{"rendered":"https:\/\/inspire-eu.com\/EN\/?page_id=5966"},"modified":"2022-02-16T14:01:56","modified_gmt":"2022-02-16T11:01:56","slug":"turkey","status":"publish","type":"page","link":"https:\/\/inspire-eu.com\/FR\/index.php\/partners\/turkey\/","title":{"rendered":"Turquie"},"content":{"rendered":"<p>L&#8217;Association de la pens\u00e9e innovante, fond\u00e9e en donnant la priorit\u00e9 aux objectifs du d\u00e9veloppement durable, pour soutenir la cr\u00e9ation d&#8217;\u00e9cosyst\u00e8mes dans les processus d'&#8221;existence&#8221; et de d\u00e9veloppement des individus et des communaut\u00e9s dans le monde globalis\u00e9 et produire une influence innovante sur les syst\u00e8mes de pens\u00e9e. Afin de contrer les probl\u00e8mes critiques tels que la pauvret\u00e9, la migration, le ch\u00f4mage des jeunes, l&#8217;exclusion sociale, le changement climatique et les probl\u00e8mes environnementaux, il vise \u00e0 \u00e9laborer des m\u00e9canismes et des politiques qui renforcent le d\u00e9veloppement des comp\u00e9tences du XXIe si\u00e8cle telles que la pens\u00e9e analytique, la cr\u00e9ativit\u00e9, l&#8217;innovation, les comp\u00e9tences num\u00e9riques et la r\u00e9solution de probl\u00e8mes aux niveaux local et national. Avec une approche holistique et un environnement de travail\/apprentissage multiculturel, l&#8217;association r\u00e9alise des formations et des projets en adoptant une optique de pens\u00e9e innovante orient\u00e9e vers le design pour r\u00e9pondre \u00e0 tous les besoins des temps modernes, de l&#8217;individu \u00e0 l&#8217;organisation, en coordination avec un r\u00e9seau professionnel national et international. L&#8217;ITA d\u00e9veloppe le programme et les modules de formation afin de prendre en compte les questions globales : pens\u00e9e critique, r\u00e9flexion sur le design, apprentissage par le jeu, outils de formation \u00e0 l&#8217;environnement, narration num\u00e9rique avec promotion de la m\u00e9thodologie d&#8217;apprentissage non formel.<\/p>\n","protected":false},"excerpt":{"rendered":"<p>L&#8217;Association de la pens\u00e9e innovante, fond\u00e9e en donnant la priorit\u00e9 aux objectifs du d\u00e9veloppement durable, pour soutenir la cr\u00e9ation d&#8217;\u00e9cosyst\u00e8mes dans les processus d&#8217;&#8221;existence&#8221; et de d\u00e9veloppement des individus et des communaut\u00e9s dans le monde globalis\u00e9 et produire une influence innovante sur les syst\u00e8mes de pens\u00e9e. Afin de contrer les probl\u00e8mes critiques tels que la [&hellip;]<\/p>\n","protected":false},"author":1,"featured_media":0,"parent":5787,"menu_order":0,"comment_status":"closed","ping_status":"closed","template":"","meta":{"footnotes":""},"class_list":["post-5966","page","type-page","status-publish","hentry"],"_links":{"self":[{"href":"https:\/\/inspire-eu.com\/FR\/index.php\/wp-json\/wp\/v2\/pages\/5966","targetHints":{"allow":["GET"]}}],"collection":[{"href":"https:\/\/inspire-eu.com\/FR\/index.php\/wp-json\/wp\/v2\/pages"}],"about":[{"href":"https:\/\/inspire-eu.com\/FR\/index.php\/wp-json\/wp\/v2\/types\/page"}],"author":[{"embeddable":true,"href":"https:\/\/inspire-eu.com\/FR\/index.php\/wp-json\/wp\/v2\/users\/1"}],"replies":[{"embeddable":true,"href":"https:\/\/inspire-eu.com\/FR\/index.php\/wp-json\/wp\/v2\/comments?post=5966"}],"version-history":[{"count":3,"href":"https:\/\/inspire-eu.com\/FR\/index.php\/wp-json\/wp\/v2\/pages\/5966\/revisions"}],"predecessor-version":[{"id":6063,"href":"https:\/\/inspire-eu.com\/FR\/index.php\/wp-json\/wp\/v2\/pages\/5966\/revisions\/6063"}],"up":[{"embeddable":true,"href":"https:\/\/inspire-eu.com\/FR\/index.php\/wp-json\/wp\/v2\/pages\/5787"}],"wp:attachment":[{"href":"https:\/\/inspire-eu.com\/FR\/index.php\/wp-json\/wp\/v2\/media?parent=5966"}],"curies":[{"name":"wp","href":"https:\/\/api.w.org\/{rel}","templated":true}]}}