{"id":26,"date":"2019-10-30T08:04:23","date_gmt":"2019-10-30T05:04:23","guid":{"rendered":"https:\/\/demo.casethemes.net\/consultio-immigration\/?page_id=26"},"modified":"2022-02-16T13:45:50","modified_gmt":"2022-02-16T10:45:50","slug":"about","status":"publish","type":"page","link":"https:\/\/inspire-eu.com\/FR\/index.php\/about\/","title":{"rendered":"\u00c0 propos de"},"content":{"rendered":"\t\t<div data-elementor-type=\"wp-page\" data-elementor-id=\"26\" class=\"elementor elementor-26\" data-elementor-settings=\"[]\">\n\t\t\t\t\t\t\t<div class=\"elementor-section-wrap\">\n\t\t\t\t\t        <section class=\"elementor-section elementor-top-section elementor-element elementor-element-bf4d915 elementor-section-boxed elementor-section-height-default elementor-section-height-default ct-header-fixed-none ct-row-max-none\" data-id=\"bf4d915\" data-element_type=\"section\">\n            \n                        <div class=\"elementor-container elementor-column-gap-extended \">\n                    <div class=\"elementor-column elementor-col-100 elementor-top-column elementor-element elementor-element-5282614\" data-id=\"5282614\" data-element_type=\"column\">\n            <div class=\"elementor-widget-wrap elementor-element-populated\">\n                        \t\t<div class=\"elementor-element elementor-element-9d091b6 elementor-widget elementor-widget-ct_heading\" data-id=\"9d091b6\" data-element_type=\"widget\" data-widget_type=\"ct_heading.default\">\n\t\t\t\t<div class=\"elementor-widget-container\">\n\t\t\t<div class=\"ct-heading h-align-  sub- ct-heading-left item-st-line-left1\">\r\n\t    <h3 class=\"item--title st-line-left1 \" data-wow-delay=\"ms\">\r\n                <span class=\"sp-main\">\r\n                            <i><\/i>\r\n            \r\n            INSPIRE, Social Entrepreneurs Network Project \r\n            \r\n                    <\/span>\r\n            <\/h3>\r\n<\/div>\t\t<\/div>\n\t\t\t\t<\/div>\n\t\t        <section class=\"elementor-section elementor-inner-section elementor-element elementor-element-6b326e2 elementor-section-boxed elementor-section-height-default elementor-section-height-default ct-header-fixed-none ct-row-max-none\" data-id=\"6b326e2\" data-element_type=\"section\">\n            \n                        <div class=\"elementor-container elementor-column-gap-extended \">\n                    <div class=\"elementor-column elementor-col-100 elementor-inner-column elementor-element elementor-element-71555f1\" data-id=\"71555f1\" data-element_type=\"column\">\n            <div class=\"elementor-widget-wrap elementor-element-populated\">\n                        \t\t<div class=\"elementor-element elementor-element-176c3a2 elementor-widget elementor-widget-text-editor\" data-id=\"176c3a2\" data-element_type=\"widget\" data-widget_type=\"text-editor.default\">\n\t\t\t\t<div class=\"elementor-widget-container\">\n\t\t\t<style>\/*! elementor - v3.5.5 - 03-02-2022 *\/\n.elementor-widget-text-editor.elementor-drop-cap-view-stacked .elementor-drop-cap{background-color:#818a91;color:#fff}.elementor-widget-text-editor.elementor-drop-cap-view-framed .elementor-drop-cap{color:#818a91;border:3px solid;background-color:transparent}.elementor-widget-text-editor:not(.elementor-drop-cap-view-default) .elementor-drop-cap{margin-top:8px}.elementor-widget-text-editor:not(.elementor-drop-cap-view-default) .elementor-drop-cap-letter{width:1em;height:1em}.elementor-widget-text-editor .elementor-drop-cap{float:left;text-align:center;line-height:1;font-size:50px}.elementor-widget-text-editor .elementor-drop-cap-letter{display:inline-block}<\/style>\t\t\t\t<p>Le projet INSPIRE, Social Entrepreneurs Network (2021-1-FR01-KA220-VET-000034853), qui a \u00e9t\u00e9 accept\u00e9 dans le cadre du programme Erasmus+ KA220-VET (Collaboration Partnerships in Vocational Education and Training Program), a d\u00e9but\u00e9 le 1er novembre 2021. L&#8217;objectif du projet est de d\u00e9velopper et de renforcer la capacit\u00e9 des jeunes entrepreneurs \u00e0 r\u00e9pondre aux changements face aux d\u00e9fis similaires auxquels les march\u00e9s du travail sont confront\u00e9s pendant la pand\u00e9mie de COVID-19 et pourraient l&#8217;\u00eatre \u00e0 l&#8217;avenir. iNSPIRE vise \u00e0 soutenir le d\u00e9veloppement du r\u00e9seau d&#8217;entrepreneuriat social dans de nombreux pays europ\u00e9ens (Turquie, Portugal, Irlande, France, Belgique), vise \u00e0 cr\u00e9er un centre d&#8217;apprentissage (Inspire Live Hub) qui d\u00e9veloppera des processus d&#8217;apprentissage inspirants et instructifs bas\u00e9s sur l&#8217;identification des le\u00e7ons qui peuvent \u00eatre tir\u00e9es de l&#8217;environnement d&#8217;apprentissage formel et informel et transf\u00e9r\u00e9es \u00e0 l&#8217;avenir.<\/p><p>\u00c9tant donn\u00e9 que l&#8217;Irlande et la Belgique poss\u00e8dent d\u00e9j\u00e0 une exp\u00e9rience significative et importante en mati\u00e8re d&#8217;entrepreneuriat social, elles contribueront \u00e0 la mise en place d&#8217;un partenariat solide et b\u00e9n\u00e9fique pour soutenir et d\u00e9velopper le cluster social europ\u00e9en. Les informations provenant d&#8217;Irlande et de Belgique montrent que l&#8217;entrepreneuriat social a un grand potentiel de croissance de l&#8217;emploi.<\/p><p>Ce projet vise \u00e0 d\u00e9velopper les comp\u00e9tences des entrepreneurs sociaux et \u00e0 accro\u00eetre leur potentiel de cr\u00e9ation d&#8217;entreprises sociales. Par cons\u00e9quent, il contribuera \u00e0 engager diff\u00e9rentes parties prenantes dans le dialogue et la collaboration, notamment des organisations \u00e0 but non lucratif, des universit\u00e9s, des centres de formation, des organisations d&#8217;innovation sociale, des centres de recherche et m\u00eame des institutions publiques.<\/p><p>Autres partenaires du projet coordonn\u00e9 par l&#8217;Association Culturelle des Jeunes Turcs de Bar le Duc (FRANCE) :<\/p><p>*Workplace Innovation Europe CLG (IRLANDE)<\/p><p>*Innovative Thinking Lab (TURQUIE)<\/p><p>*Instituto Universitario de Lisboa (PORTUGAL)<\/p><p>*Voix du monde (BELGIQUE)<\/p>\t\t\t\t\t\t<\/div>\n\t\t\t\t<\/div>\n\t\t            <\/div>\n        <\/div>\n                            <\/div>\n        <\/section>\n                    <\/div>\n        <\/div>\n                            <\/div>\n        <\/section>\n        \t\t\t\t<\/div>\n\t\t\t\t\t<\/div>\n\t\t","protected":false},"excerpt":{"rendered":"<p>INSPIRE, Social Entrepreneurs Network Project Le projet INSPIRE, Social Entrepreneurs Network (2021-1-FR01-KA220-VET-000034853), qui a \u00e9t\u00e9 accept\u00e9 dans le cadre du programme Erasmus+ KA220-VET (Collaboration Partnerships in Vocational Education and Training Program), a d\u00e9but\u00e9 le 1er novembre 2021. L&#8217;objectif du projet est de d\u00e9velopper et de renforcer la capacit\u00e9 des jeunes entrepreneurs \u00e0 r\u00e9pondre aux changements [&hellip;]<\/p>\n","protected":false},"author":1,"featured_media":0,"parent":0,"menu_order":0,"comment_status":"closed","ping_status":"closed","template":"","meta":{"footnotes":""},"class_list":["post-26","page","type-page","status-publish","hentry"],"_links":{"self":[{"href":"https:\/\/inspire-eu.com\/FR\/index.php\/wp-json\/wp\/v2\/pages\/26","targetHints":{"allow":["GET"]}}],"collection":[{"href":"https:\/\/inspire-eu.com\/FR\/index.php\/wp-json\/wp\/v2\/pages"}],"about":[{"href":"https:\/\/inspire-eu.com\/FR\/index.php\/wp-json\/wp\/v2\/types\/page"}],"author":[{"embeddable":true,"href":"https:\/\/inspire-eu.com\/FR\/index.php\/wp-json\/wp\/v2\/users\/1"}],"replies":[{"embeddable":true,"href":"https:\/\/inspire-eu.com\/FR\/index.php\/wp-json\/wp\/v2\/comments?post=26"}],"version-history":[{"count":11,"href":"https:\/\/inspire-eu.com\/FR\/index.php\/wp-json\/wp\/v2\/pages\/26\/revisions"}],"predecessor-version":[{"id":6032,"href":"https:\/\/inspire-eu.com\/FR\/index.php\/wp-json\/wp\/v2\/pages\/26\/revisions\/6032"}],"wp:attachment":[{"href":"https:\/\/inspire-eu.com\/FR\/index.php\/wp-json\/wp\/v2\/media?parent=26"}],"curies":[{"name":"wp","href":"https:\/\/api.w.org\/{rel}","templated":true}]}}